{"id":34625,"date":"2025-06-13T17:14:39","date_gmt":"2025-06-13T17:14:39","guid":{"rendered":"https:\/\/www.isdi.education\/es\/?post_type=eventos&#038;p=34625"},"modified":"2026-03-26T16:07:10","modified_gmt":"2026-03-26T15:07:10","slug":"geoestrategia-empresa-2025","status":"publish","type":"eventos","link":"https:\/\/www.isdi.education\/es\/evento\/geoestrategia-empresa-2025","title":{"rendered":"\u00bfEst\u00e1 preparado para el nuevo tablero geoestrat\u00e9gico?"},"content":{"rendered":"<p data-start=\"1423\" data-end=\"1582\">La frontera entre lo geopol\u00edtico y lo empresarial se diluye. Hoy, las compa\u00f1\u00edas deben pensar y actuar con visi\u00f3n estrat\u00e9gica global, como lo har\u00eda un Estado.<\/p>\n<p data-start=\"1584\" data-end=\"1792\">En este evento te ofrecemos una lectura clara y anticipada de los <strong data-start=\"1650\" data-end=\"1713\">3 grandes ejes que marcar\u00e1n el futuro empresarial inmediato<\/strong>: energ\u00eda, tecnolog\u00eda de defensa y geotecnolog\u00eda y control digital<\/p>\n<p data-start=\"1794\" data-end=\"1931\">Una sesi\u00f3n imprescindible para quienes toman decisiones, lideran organizaciones o buscan entender hacia d\u00f3nde se mueve el tablero global.<\/p>\n<ul>\n<li data-start=\"1973\" data-end=\"2420\">Entender\u00e1s c\u00f3mo <strong data-start=\"1991\" data-end=\"2020\">la geopol\u00edtica energ\u00e9tica<\/strong> reconfigura industrias y cadenas de valor.<\/li>\n<li data-start=\"1973\" data-end=\"2420\">Descubrir\u00e1s c\u00f3mo <strong data-start=\"2085\" data-end=\"2110\">la innovaci\u00f3n militar<\/strong> se traduce en disrupci\u00f3n tecnol\u00f3gica civil.<\/li>\n<li data-start=\"1973\" data-end=\"2420\">Analizar\u00e1s el papel de <strong data-start=\"2182\" data-end=\"2202\">la geotecnolog\u00eda<\/strong> en el control digital y estrat\u00e9gico.<\/li>\n<li data-start=\"1973\" data-end=\"2420\">Conectar\u00e1s con otros l\u00edderes y expertos en un <strong data-start=\"2290\" data-end=\"2329\">espacio de networking de alto nivel<\/strong>.<\/li>\n<li data-start=\"1973\" data-end=\"2420\">Saldr\u00e1s con una perspectiva m\u00e1s clara para anticipar riesgos y oportunidades en 2025.<\/li>\n<\/ul>\n<p>&nbsp;<\/p>\n<p data-start=\"2422\" data-end=\"2524\">Este evento es para ejecutivos, emprendedores, consultores estrat\u00e9gicos y decisores con visi\u00f3n global.<\/p>\n<hr \/>\n<h3>Agenda:<\/h3>\n<ul>\n<li><strong>18:30 &#8211; 18:45 h<\/strong>: Recepci\u00f3n y bienvenida<\/li>\n<li><strong>18:45 &#8211; 18:50 h<\/strong>: Apertura institucional Comunidad ISDI<\/li>\n<li><strong>18:50 &#8211; 19:05 h<\/strong>: Introducci\u00f3n &amp; contexto geopol\u00edtico: Ana Casao<\/li>\n<li><strong>19:05 &#8211; 20:00 h<\/strong>: Mesa redonda con ponentes: moderada por Daniel Suardiaz<\/li>\n<li><strong>20:00 &#8211; 21:00 h<\/strong>: C\u00f3ctel &amp; networking<\/li>\n<\/ul>\n","protected":false},"featured_media":34626,"template":"","lugar":[32],"sede":[112],"tipo-de-evento":[],"class_list":["post-34625","eventos","type-eventos","status-publish","has-post-thumbnail","hentry","sede-madrid"],"acf":{"texto_introduccion":"Tres claves estrat\u00e9gicas para liderar en un entorno global cada vez m\u00e1s incierto.","subtitulo":"Lorem ipsum","campaign_id":"701Qx00000QLDOJIA5","idioma":"Espa\u00f1ol","fecha_del_evento":"20250702","hora_del_evento":"18:30:00","ubicacion_del_evento":"ISDI Online","como_ver_el_evento":"Presencial - Online","url_del_evento":"https:\/\/comconnect.isdi.education\/public\/premieres\/019cdce4-cb23-7357-8302-0249fc6177b5\/sign-up","tipo_de_evento":"Masterclass","descripcion__intro":"","agenda":"18:30 - 21:00","fecha_y_hora":"Mi\u00e9rcoles, 2 De Julio De 2025 de 18:30:00 a 21:00:00","fecha_inicio_y_fin":"02 jul. 2025","horario_del_evento":"18:30 - 21:00","duracion":"2h 30min","ciudad":"Madrid","direccion_del_evento":"C\/ Viriato, 20 - 28010 Madrid","evento_google_calendar":"https:\/\/calendar.google.com\/calendar\/render?action=TEMPLATE&text=%C2%BFEst%C3%A1+preparado+para+el+nuevo+tablero+geoestrat%C3%A9gico%3F&details=Tres+claves+estrat%C3%A9gicas+para+liderar+en+un+entorno+global+cada+vez+m%C3%A1s+incierto.&location=C%2F+Viriato%2C+20+-+28010+Madrid+Madrid&dates=%2020250702T163000Z%20\/%2020250702T190000Z%20","mapa_del_evento":null,"coste":"Gratuito con reserva","telefono_del_evento":"900 814 144","email_del_evento":"marketingsf@isdi.education","contenido_del_evento":"<p data-start=\"1423\" data-end=\"1582\">La frontera entre lo geopol\u00edtico y lo empresarial se diluye. Hoy, las compa\u00f1\u00edas deben pensar y actuar con visi\u00f3n estrat\u00e9gica global, como lo har\u00eda un Estado.<\/p>\n<p data-start=\"1584\" data-end=\"1792\">En este evento te ofrecemos una lectura clara y anticipada de los <strong data-start=\"1650\" data-end=\"1713\">3 grandes ejes que marcar\u00e1n el futuro empresarial inmediato<\/strong>: energ\u00eda, tecnolog\u00eda de defensa y geotecnolog\u00eda y control digital<\/p>\n<p data-start=\"1794\" data-end=\"1931\">Una sesi\u00f3n imprescindible para quienes toman decisiones, lideran organizaciones o buscan entender hacia d\u00f3nde se mueve el tablero global.<\/p>\n<ul>\n<li data-start=\"1973\" data-end=\"2420\">Entender\u00e1s c\u00f3mo <strong data-start=\"1991\" data-end=\"2020\">la geopol\u00edtica energ\u00e9tica<\/strong> reconfigura industrias y cadenas de valor.<\/li>\n<li data-start=\"1973\" data-end=\"2420\">Descubrir\u00e1s c\u00f3mo <strong data-start=\"2085\" data-end=\"2110\">la innovaci\u00f3n militar<\/strong> se traduce en disrupci\u00f3n tecnol\u00f3gica civil.<\/li>\n<li data-start=\"1973\" data-end=\"2420\">Analizar\u00e1s el papel de <strong data-start=\"2182\" data-end=\"2202\">la geotecnolog\u00eda<\/strong> en el control digital y estrat\u00e9gico.<\/li>\n<li data-start=\"1973\" data-end=\"2420\">Conectar\u00e1s con otros l\u00edderes y expertos en un <strong data-start=\"2290\" data-end=\"2329\">espacio de networking de alto nivel<\/strong>.<\/li>\n<li data-start=\"1973\" data-end=\"2420\">Saldr\u00e1s con una perspectiva m\u00e1s clara para anticipar riesgos y oportunidades en 2025.<\/li>\n<\/ul>\n<p>&nbsp;<\/p>\n<p data-start=\"2422\" data-end=\"2524\">Este evento es para ejecutivos, emprendedores, consultores estrat\u00e9gicos y decisores con visi\u00f3n global.<\/p>\n<hr \/>\n<h3>Agenda:<\/h3>\n<ul>\n<li><strong>18:30 &#8211; 18:45 h<\/strong>: Recepci\u00f3n y bienvenida<\/li>\n<li><strong>18:45 &#8211; 18:50 h<\/strong>: Apertura institucional Comunidad ISDI<\/li>\n<li><strong>18:50 &#8211; 19:05 h<\/strong>: Introducci\u00f3n &amp; contexto geopol\u00edtico: Ana Casao<\/li>\n<li><strong>19:05 &#8211; 20:00 h<\/strong>: Mesa redonda con ponentes: moderada por Daniel Suardiaz<\/li>\n<li><strong>20:00 &#8211; 21:00 h<\/strong>: C\u00f3ctel &amp; networking<\/li>\n<\/ul>\n","imagen_biografia_o_invitado_destacado":"","texto_biografias_o_invitado_destacado":"","texto_biografias_o_invitado_destacado_copiar":"","ponente_1":"","ponente_1_cargo":"","ponente_2":"","ponente_2_cargo":"","ponente_3":"","ponente_3_cargo":"","ponente_4":"","ponente_4_cargo":"","ponente_5":"","ponente_5_cargo":"","ponente_6":"","ponente_6_cargo":"","logo_1":"","logo_2":"","logo_3":"","logo_4":"","logo_5":"","sede1":"","sede2":"","sede3":"","ponentes":null},"yoast_head":"<!-- This site is optimized with the Yoast SEO plugin v27.4 - https:\/\/yoast.com\/product\/yoast-seo-wordpress\/ -->\n<title>C\u00f3mo anticiparse al impacto de la energ\u00eda, defensa y tecnolog\u00eda en tu negocio<\/title>\n<meta name=\"description\" content=\"Un encuentro exclusivo para l\u00edderes que quieren entender c\u00f3mo el nuevo orden geoestrat\u00e9gico afectar\u00e1 a sus empresas. Energ\u00eda, defensa y datos: lo que marcar\u00e1 la agenda en 2025.\" \/>\n<meta name=\"robots\" content=\"index, follow, max-snippet:-1, max-image-preview:large, max-video-preview:-1\" \/>\n<link rel=\"canonical\" href=\"https:\/\/www.isdi.education\/es\/evento\/geoestrategia-empresa-2025\" \/>\n<meta property=\"og:locale\" content=\"es_ES\" \/>\n<meta property=\"og:type\" content=\"article\" \/>\n<meta property=\"og:title\" content=\"C\u00f3mo anticiparse al impacto de la energ\u00eda, defensa y tecnolog\u00eda en tu negocio\" \/>\n<meta property=\"og:description\" content=\"Un encuentro exclusivo para l\u00edderes que quieren entender c\u00f3mo el nuevo orden geoestrat\u00e9gico afectar\u00e1 a sus empresas. Energ\u00eda, defensa y datos: lo que marcar\u00e1 la agenda en 2025.\" \/>\n<meta property=\"og:url\" content=\"https:\/\/www.isdi.education\/es\/evento\/geoestrategia-empresa-2025\" \/>\n<meta property=\"og:site_name\" content=\"ISDI Espa\u00f1a\" \/>\n<meta property=\"article:publisher\" content=\"https:\/\/www.facebook.com\/isdi.education\" \/>\n<meta property=\"article:modified_time\" content=\"2026-03-26T15:07:10+00:00\" \/>\n<meta property=\"og:image\" content=\"https:\/\/www.isdi.education\/es\/wp-content\/uploads\/2025\/06\/Captura-de-pantalla-2025-06-13-a-las-18.58.57.webp\" \/>\n\t<meta property=\"og:image:width\" content=\"2352\" \/>\n\t<meta property=\"og:image:height\" content=\"680\" \/>\n\t<meta property=\"og:image:type\" content=\"image\/webp\" \/>\n<meta name=\"twitter:card\" content=\"summary_large_image\" \/>\n<meta name=\"twitter:label1\" content=\"Tiempo de lectura\" \/>\n\t<meta name=\"twitter:data1\" content=\"2 minutos\" \/>\n<script type=\"application\/ld+json\" class=\"yoast-schema-graph\">{\"@context\":\"https:\\\/\\\/schema.org\",\"@graph\":[{\"@type\":\"WebPage\",\"@id\":\"https:\\\/\\\/www.isdi.education\\\/es\\\/evento\\\/geoestrategia-empresa-2025\",\"url\":\"https:\\\/\\\/www.isdi.education\\\/es\\\/evento\\\/geoestrategia-empresa-2025\",\"name\":\"C\u00f3mo anticiparse al impacto de la energ\u00eda, defensa y tecnolog\u00eda en tu negocio\",\"isPartOf\":{\"@id\":\"https:\\\/\\\/www.isdi.education\\\/es\\\/#website\"},\"primaryImageOfPage\":{\"@id\":\"https:\\\/\\\/www.isdi.education\\\/es\\\/evento\\\/geoestrategia-empresa-2025#primaryimage\"},\"image\":{\"@id\":\"https:\\\/\\\/www.isdi.education\\\/es\\\/evento\\\/geoestrategia-empresa-2025#primaryimage\"},\"thumbnailUrl\":\"https:\\\/\\\/www.isdi.education\\\/es\\\/wp-content\\\/uploads\\\/2025\\\/06\\\/Captura-de-pantalla-2025-06-13-a-las-18.58.57.webp\",\"datePublished\":\"2025-06-13T17:14:39+00:00\",\"dateModified\":\"2026-03-26T15:07:10+00:00\",\"description\":\"Un encuentro exclusivo para l\u00edderes que quieren entender c\u00f3mo el nuevo orden geoestrat\u00e9gico afectar\u00e1 a sus empresas. Energ\u00eda, defensa y datos: lo que marcar\u00e1 la agenda en 2025.\",\"breadcrumb\":{\"@id\":\"https:\\\/\\\/www.isdi.education\\\/es\\\/evento\\\/geoestrategia-empresa-2025#breadcrumb\"},\"inLanguage\":\"es\",\"potentialAction\":[{\"@type\":\"ReadAction\",\"target\":[\"https:\\\/\\\/www.isdi.education\\\/es\\\/evento\\\/geoestrategia-empresa-2025\"]}]},{\"@type\":\"ImageObject\",\"inLanguage\":\"es\",\"@id\":\"https:\\\/\\\/www.isdi.education\\\/es\\\/evento\\\/geoestrategia-empresa-2025#primaryimage\",\"url\":\"https:\\\/\\\/www.isdi.education\\\/es\\\/wp-content\\\/uploads\\\/2025\\\/06\\\/Captura-de-pantalla-2025-06-13-a-las-18.58.57.webp\",\"contentUrl\":\"https:\\\/\\\/www.isdi.education\\\/es\\\/wp-content\\\/uploads\\\/2025\\\/06\\\/Captura-de-pantalla-2025-06-13-a-las-18.58.57.webp\",\"width\":2352,\"height\":680,\"caption\":\"\u00bfEst\u00e1 preparado para el nuevo tablero geoestrat\u00e9gico?\"},{\"@type\":\"BreadcrumbList\",\"@id\":\"https:\\\/\\\/www.isdi.education\\\/es\\\/evento\\\/geoestrategia-empresa-2025#breadcrumb\",\"itemListElement\":[{\"@type\":\"ListItem\",\"position\":1,\"name\":\"Inicio\",\"item\":\"https:\\\/\\\/www.isdi.education\\\/es\\\/\"},{\"@type\":\"ListItem\",\"position\":2,\"name\":\"\u00bfEst\u00e1 preparado para el nuevo tablero geoestrat\u00e9gico?\"}]},{\"@type\":\"WebSite\",\"@id\":\"https:\\\/\\\/www.isdi.education\\\/es\\\/#website\",\"url\":\"https:\\\/\\\/www.isdi.education\\\/es\\\/\",\"name\":\"ISDI Espa\u00f1a | La Escuela de Negocios de la Era Digital\",\"description\":\"Descubre la formaci\u00f3n que te abrir\u00e1 las puertas a la era digital. Entra a formar parte de la primera escuela de negocios y direcci\u00f3n nativa digital.\",\"publisher\":{\"@id\":\"https:\\\/\\\/www.isdi.education\\\/es\\\/#organization\"},\"inLanguage\":\"es\"},{\"@type\":\"Organization\",\"@id\":\"https:\\\/\\\/www.isdi.education\\\/es\\\/#organization\",\"name\":\"ISDI Espa\u00f1a | La Escuela de Negocios de la Era Digital\",\"url\":\"https:\\\/\\\/www.isdi.education\\\/es\\\/\",\"logo\":{\"@type\":\"ImageObject\",\"inLanguage\":\"es\",\"@id\":\"https:\\\/\\\/www.isdi.education\\\/es\\\/#\\\/schema\\\/logo\\\/image\\\/\",\"url\":\"https:\\\/\\\/www.isdi.education\\\/es\\\/wp-content\\\/uploads\\\/2024\\\/02\\\/cropped-Favicon.png\",\"contentUrl\":\"https:\\\/\\\/www.isdi.education\\\/es\\\/wp-content\\\/uploads\\\/2024\\\/02\\\/cropped-Favicon.png\",\"width\":512,\"height\":512,\"caption\":\"ISDI Espa\u00f1a | La Escuela de Negocios de la Era Digital\"},\"image\":{\"@id\":\"https:\\\/\\\/www.isdi.education\\\/es\\\/#\\\/schema\\\/logo\\\/image\\\/\"},\"sameAs\":[\"https:\\\/\\\/www.facebook.com\\\/isdi.education\",\"https:\\\/\\\/www.linkedin.com\\\/school\\\/isdi\\\/?originalSubdomain=es\",\"https:\\\/\\\/www.instagram.com\\\/isdi_edu\\\/?hl=es\",\"https:\\\/\\\/www.tiktok.com\\\/@isdi_edu\",\"https:\\\/\\\/www.youtube.com\\\/user\\\/ISDItv\"]}]}<\/script>\n<!-- \/ Yoast SEO plugin. -->","yoast_head_json":{"title":"C\u00f3mo anticiparse al impacto de la energ\u00eda, defensa y tecnolog\u00eda en tu negocio","description":"Un encuentro exclusivo para l\u00edderes que quieren entender c\u00f3mo el nuevo orden geoestrat\u00e9gico afectar\u00e1 a sus empresas. Energ\u00eda, defensa y datos: lo que marcar\u00e1 la agenda en 2025.","robots":{"index":"index","follow":"follow","max-snippet":"max-snippet:-1","max-image-preview":"max-image-preview:large","max-video-preview":"max-video-preview:-1"},"canonical":"https:\/\/www.isdi.education\/es\/evento\/geoestrategia-empresa-2025","og_locale":"es_ES","og_type":"article","og_title":"C\u00f3mo anticiparse al impacto de la energ\u00eda, defensa y tecnolog\u00eda en tu negocio","og_description":"Un encuentro exclusivo para l\u00edderes que quieren entender c\u00f3mo el nuevo orden geoestrat\u00e9gico afectar\u00e1 a sus empresas. Energ\u00eda, defensa y datos: lo que marcar\u00e1 la agenda en 2025.","og_url":"https:\/\/www.isdi.education\/es\/evento\/geoestrategia-empresa-2025","og_site_name":"ISDI Espa\u00f1a","article_publisher":"https:\/\/www.facebook.com\/isdi.education","article_modified_time":"2026-03-26T15:07:10+00:00","og_image":[{"width":2352,"height":680,"url":"https:\/\/www.isdi.education\/es\/wp-content\/uploads\/2025\/06\/Captura-de-pantalla-2025-06-13-a-las-18.58.57.webp","type":"image\/webp"}],"twitter_card":"summary_large_image","twitter_misc":{"Tiempo de lectura":"2 minutos"},"schema":{"@context":"https:\/\/schema.org","@graph":[{"@type":"WebPage","@id":"https:\/\/www.isdi.education\/es\/evento\/geoestrategia-empresa-2025","url":"https:\/\/www.isdi.education\/es\/evento\/geoestrategia-empresa-2025","name":"C\u00f3mo anticiparse al impacto de la energ\u00eda, defensa y tecnolog\u00eda en tu negocio","isPartOf":{"@id":"https:\/\/www.isdi.education\/es\/#website"},"primaryImageOfPage":{"@id":"https:\/\/www.isdi.education\/es\/evento\/geoestrategia-empresa-2025#primaryimage"},"image":{"@id":"https:\/\/www.isdi.education\/es\/evento\/geoestrategia-empresa-2025#primaryimage"},"thumbnailUrl":"https:\/\/www.isdi.education\/es\/wp-content\/uploads\/2025\/06\/Captura-de-pantalla-2025-06-13-a-las-18.58.57.webp","datePublished":"2025-06-13T17:14:39+00:00","dateModified":"2026-03-26T15:07:10+00:00","description":"Un encuentro exclusivo para l\u00edderes que quieren entender c\u00f3mo el nuevo orden geoestrat\u00e9gico afectar\u00e1 a sus empresas. Energ\u00eda, defensa y datos: lo que marcar\u00e1 la agenda en 2025.","breadcrumb":{"@id":"https:\/\/www.isdi.education\/es\/evento\/geoestrategia-empresa-2025#breadcrumb"},"inLanguage":"es","potentialAction":[{"@type":"ReadAction","target":["https:\/\/www.isdi.education\/es\/evento\/geoestrategia-empresa-2025"]}]},{"@type":"ImageObject","inLanguage":"es","@id":"https:\/\/www.isdi.education\/es\/evento\/geoestrategia-empresa-2025#primaryimage","url":"https:\/\/www.isdi.education\/es\/wp-content\/uploads\/2025\/06\/Captura-de-pantalla-2025-06-13-a-las-18.58.57.webp","contentUrl":"https:\/\/www.isdi.education\/es\/wp-content\/uploads\/2025\/06\/Captura-de-pantalla-2025-06-13-a-las-18.58.57.webp","width":2352,"height":680,"caption":"\u00bfEst\u00e1 preparado para el nuevo tablero geoestrat\u00e9gico?"},{"@type":"BreadcrumbList","@id":"https:\/\/www.isdi.education\/es\/evento\/geoestrategia-empresa-2025#breadcrumb","itemListElement":[{"@type":"ListItem","position":1,"name":"Inicio","item":"https:\/\/www.isdi.education\/es\/"},{"@type":"ListItem","position":2,"name":"\u00bfEst\u00e1 preparado para el nuevo tablero geoestrat\u00e9gico?"}]},{"@type":"WebSite","@id":"https:\/\/www.isdi.education\/es\/#website","url":"https:\/\/www.isdi.education\/es\/","name":"ISDI Espa\u00f1a | La Escuela de Negocios de la Era Digital","description":"Descubre la formaci\u00f3n que te abrir\u00e1 las puertas a la era digital. Entra a formar parte de la primera escuela de negocios y direcci\u00f3n nativa digital.","publisher":{"@id":"https:\/\/www.isdi.education\/es\/#organization"},"inLanguage":"es"},{"@type":"Organization","@id":"https:\/\/www.isdi.education\/es\/#organization","name":"ISDI Espa\u00f1a | La Escuela de Negocios de la Era Digital","url":"https:\/\/www.isdi.education\/es\/","logo":{"@type":"ImageObject","inLanguage":"es","@id":"https:\/\/www.isdi.education\/es\/#\/schema\/logo\/image\/","url":"https:\/\/www.isdi.education\/es\/wp-content\/uploads\/2024\/02\/cropped-Favicon.png","contentUrl":"https:\/\/www.isdi.education\/es\/wp-content\/uploads\/2024\/02\/cropped-Favicon.png","width":512,"height":512,"caption":"ISDI Espa\u00f1a | La Escuela de Negocios de la Era Digital"},"image":{"@id":"https:\/\/www.isdi.education\/es\/#\/schema\/logo\/image\/"},"sameAs":["https:\/\/www.facebook.com\/isdi.education","https:\/\/www.linkedin.com\/school\/isdi\/?originalSubdomain=es","https:\/\/www.instagram.com\/isdi_edu\/?hl=es","https:\/\/www.tiktok.com\/@isdi_edu","https:\/\/www.youtube.com\/user\/ISDItv"]}]}},"_links":{"self":[{"href":"https:\/\/www.isdi.education\/es\/wp-json\/wp\/v2\/eventos\/34625","targetHints":{"allow":["GET"]}}],"collection":[{"href":"https:\/\/www.isdi.education\/es\/wp-json\/wp\/v2\/eventos"}],"about":[{"href":"https:\/\/www.isdi.education\/es\/wp-json\/wp\/v2\/types\/eventos"}],"version-history":[{"count":0,"href":"https:\/\/www.isdi.education\/es\/wp-json\/wp\/v2\/eventos\/34625\/revisions"}],"wp:featuredmedia":[{"embeddable":true,"href":"https:\/\/www.isdi.education\/es\/wp-json\/wp\/v2\/media\/34626"}],"wp:attachment":[{"href":"https:\/\/www.isdi.education\/es\/wp-json\/wp\/v2\/media?parent=34625"}],"wp:term":[{"taxonomy":"lugar","embeddable":true,"href":"https:\/\/www.isdi.education\/es\/wp-json\/wp\/v2\/lugar?post=34625"},{"taxonomy":"sede","embeddable":true,"href":"https:\/\/www.isdi.education\/es\/wp-json\/wp\/v2\/sede?post=34625"},{"taxonomy":"tipo-de-evento","embeddable":true,"href":"https:\/\/www.isdi.education\/es\/wp-json\/wp\/v2\/tipo-de-evento?post=34625"}],"curies":[{"name":"wp","href":"https:\/\/api.w.org\/{rel}","templated":true}]}}